{"id":2777,"date":"2024-07-30T08:35:59","date_gmt":"2024-07-30T08:35:59","guid":{"rendered":"http:\/\/agritur-bella-di-bosco.wibzsflhim-xmz4ql05832o.p.temp-site.link\/?page_id=2777"},"modified":"2025-08-22T12:05:12","modified_gmt":"2025-08-22T12:05:12","slug":"das-gebiet","status":"publish","type":"page","link":"https:\/\/agriturbelladibosco.com\/de\/das-gebiet","title":{"rendered":"Das Gebiet"},"content":{"rendered":"\t\t<div data-elementor-type=\"wp-page\" data-elementor-id=\"2777\" class=\"elementor elementor-2777\">\n\t\t\t\t\t\t<section class=\"elementor-section elementor-top-section elementor-element elementor-element-45a1740b elementor-section-height-min-height cs-section-content-fullwidth cs-parallax-on-scroll cs_scroll_y_100 elementor-section-boxed elementor-section-height-default elementor-section-items-middle\" data-id=\"45a1740b\" data-element_type=\"section\" data-settings=\"{&quot;background_background&quot;:&quot;classic&quot;}\" data-cs-parallax-y=\"100\" style=\"background-image: none;\" data-cs-background-image=\"https:\/\/agriturbelladibosco.com\/de\/wp-content\/uploads\/2024\/07\/lago-di-tovel-il-lago-rosso-nel-cuore-del-parco-naturale-adamello4857.jpg\" data-cs-background-image-alt-text=\"\">\n\t\t\t\t\t\t\t<div class=\"elementor-background-overlay\"><\/div>\n\t\t\t\t\t\t\t<div class=\"elementor-container elementor-column-gap-no\">\n\t\t\t\t\t<div class=\"elementor-column elementor-col-100 elementor-top-column elementor-element elementor-element-2da59bf7 dark-color\" data-id=\"2da59bf7\" data-element_type=\"column\">\n\t\t\t<div class=\"elementor-widget-wrap elementor-element-populated\">\n\t\t\t\t\t\t<div class=\"elementor-element elementor-element-bb3d88e elementor-widget elementor-widget-cs_title\" data-id=\"bb3d88e\" data-element_type=\"widget\" data-widget_type=\"cs_title.default\">\n\t\t\t\t<div class=\"elementor-widget-container\">\n\t\t\t\t\t\n        <div class=\"cs-title-wrap text-center\">\t            <h1 class=\"cs-title\">\n\t                Das Gebiet\t            <\/h1>        <\/div>\t\t\t\t<\/div>\n\t\t\t\t<\/div>\n\t\t\t\t\t<\/div>\n\t\t<\/div>\n\t\t\t\t\t<\/div>\n\t\t<\/section>\n\t\t\t\t<section class=\"elementor-section elementor-top-section elementor-element elementor-element-45e60f74 cs-section-content-fullwidth elementor-section-boxed elementor-section-height-default elementor-section-height-default\" data-id=\"45e60f74\" data-element_type=\"section\">\n\t\t\t\t\t\t<div class=\"elementor-container elementor-column-gap-no\">\n\t\t\t\t\t<div class=\"elementor-column elementor-col-100 elementor-top-column elementor-element elementor-element-12d88af2\" data-id=\"12d88af2\" data-element_type=\"column\" data-settings=\"{&quot;background_background&quot;:&quot;classic&quot;}\">\n\t\t\t<div class=\"elementor-widget-wrap elementor-element-populated\">\n\t\t\t\t\t\t<div class=\"elementor-element elementor-element-3cc8d09a elementor-widget elementor-widget-cs_title\" data-id=\"3cc8d09a\" data-element_type=\"widget\" data-widget_type=\"cs_title.default\">\n\t\t\t\t<div class=\"elementor-widget-container\">\n\t\t\t\t\t\n        <div class=\"cs-title-wrap text-center\">\t            <div class=\"cs-subtitle-wrap\"><span class=\"cs-subtitle\">das Gebiet<\/span><\/div>\t            <h2 class=\"cs-title\">\n\t                Das Val di Non\t            <\/h2>\t            <div class=\"cs-title-text\">\n\t                <p data-start=\"132\" data-end=\"570\">Im Herzen des wunderbaren Nonstals, im Ortsteil Smarano \u2013 Teil der neuen Gemeinde Predaia \u2013 gelegen, ist das Agritur Bella di Bosco der ideale R\u00fcckzugsort f\u00fcr alle, die Entspannung und nat\u00fcrliche Sch\u00f6nheit suchen. Auf fast 1000 Metern H\u00f6he befinden wir uns in einer sonnigen, ebenen Lage, eingebettet in ein atemberaubendes Panorama auf die majest\u00e4tischen Brenta-Dolomiten \u2013 ein wahres Juwel, das es zu entdecken gilt.<\/p>\t            <\/div>        <\/div>\t\t\t\t<\/div>\n\t\t\t\t<\/div>\n\t\t\t\t\t<\/div>\n\t\t<\/div>\n\t\t\t\t\t<\/div>\n\t\t<\/section>\n\t\t\t\t<section class=\"elementor-section elementor-top-section elementor-element elementor-element-bbb0c68 cs-section-content-fullwidth nopaddi elementor-section-boxed elementor-section-height-default elementor-section-height-default\" data-id=\"bbb0c68\" data-element_type=\"section\">\n\t\t\t\t\t\t<div class=\"elementor-container elementor-column-gap-no\">\n\t\t\t\t\t<div class=\"elementor-column elementor-col-50 elementor-top-column elementor-element elementor-element-93e9dbe\" data-id=\"93e9dbe\" data-element_type=\"column\" data-settings=\"{&quot;background_background&quot;:&quot;classic&quot;}\">\n\t\t\t<div class=\"elementor-widget-wrap elementor-element-populated\">\n\t\t\t\t\t\t<div class=\"elementor-element elementor-element-59d263e elementor-widget elementor-widget-image\" data-id=\"59d263e\" data-element_type=\"widget\" data-widget_type=\"image.default\">\n\t\t\t\t<div class=\"elementor-widget-container\">\n\t\t\t\t\t\t\t\t\t\t\t\t\t\t\t<img fetchpriority=\"high\" decoding=\"async\" width=\"1024\" height=\"768\" src=\"https:\/\/agriturbelladibosco.com\/de\/wp-content\/uploads\/sites\/3\/2024\/07\/lago-tovel.jpg\" class=\"attachment-large size-large wp-image-2790\" alt=\"\" srcset=\"https:\/\/agriturbelladibosco.com\/de\/wp-content\/uploads\/sites\/3\/2024\/07\/lago-tovel.jpg 1024w, https:\/\/agriturbelladibosco.com\/de\/wp-content\/uploads\/sites\/3\/2024\/07\/lago-tovel-300x225.jpg 300w, https:\/\/agriturbelladibosco.com\/de\/wp-content\/uploads\/sites\/3\/2024\/07\/lago-tovel-768x576.jpg 768w, https:\/\/agriturbelladibosco.com\/de\/wp-content\/uploads\/sites\/3\/2024\/07\/lago-tovel-780x585.jpg 780w, https:\/\/agriturbelladibosco.com\/de\/wp-content\/uploads\/sites\/3\/2024\/07\/lago-tovel-600x450.jpg 600w, https:\/\/agriturbelladibosco.com\/de\/wp-content\/uploads\/sites\/3\/2024\/07\/lago-tovel-550x413.jpg 550w, https:\/\/agriturbelladibosco.com\/de\/wp-content\/uploads\/sites\/3\/2024\/07\/lago-tovel-370x278.jpg 370w, https:\/\/agriturbelladibosco.com\/de\/wp-content\/uploads\/sites\/3\/2024\/07\/lago-tovel-255x191.jpg 255w\" sizes=\"(max-width: 1024px) 100vw, 1024px\" \/>\t\t\t\t\t\t\t\t\t\t\t\t\t\t\t<\/div>\n\t\t\t\t<\/div>\n\t\t\t\t\t<\/div>\n\t\t<\/div>\n\t\t\t\t<div class=\"elementor-column elementor-col-50 elementor-top-column elementor-element elementor-element-6f2f9fe\" data-id=\"6f2f9fe\" data-element_type=\"column\" data-settings=\"{&quot;background_background&quot;:&quot;classic&quot;}\">\n\t\t\t<div class=\"elementor-widget-wrap elementor-element-populated\">\n\t\t\t\t\t\t<div class=\"elementor-element elementor-element-f63c036 elementor-widget elementor-widget-image\" data-id=\"f63c036\" data-element_type=\"widget\" data-widget_type=\"image.default\">\n\t\t\t\t<div class=\"elementor-widget-container\">\n\t\t\t\t\t\t\t\t\t\t\t\t\t\t\t<img decoding=\"async\" width=\"1024\" height=\"768\" src=\"https:\/\/agriturbelladibosco.com\/de\/wp-content\/uploads\/sites\/3\/2024\/07\/cima-roen.jpg\" class=\"attachment-large size-large wp-image-2820\" alt=\"\" srcset=\"https:\/\/agriturbelladibosco.com\/de\/wp-content\/uploads\/sites\/3\/2024\/07\/cima-roen.jpg 1024w, https:\/\/agriturbelladibosco.com\/de\/wp-content\/uploads\/sites\/3\/2024\/07\/cima-roen-300x225.jpg 300w, https:\/\/agriturbelladibosco.com\/de\/wp-content\/uploads\/sites\/3\/2024\/07\/cima-roen-768x576.jpg 768w, https:\/\/agriturbelladibosco.com\/de\/wp-content\/uploads\/sites\/3\/2024\/07\/cima-roen-780x585.jpg 780w, https:\/\/agriturbelladibosco.com\/de\/wp-content\/uploads\/sites\/3\/2024\/07\/cima-roen-600x450.jpg 600w, https:\/\/agriturbelladibosco.com\/de\/wp-content\/uploads\/sites\/3\/2024\/07\/cima-roen-550x413.jpg 550w, https:\/\/agriturbelladibosco.com\/de\/wp-content\/uploads\/sites\/3\/2024\/07\/cima-roen-370x278.jpg 370w, https:\/\/agriturbelladibosco.com\/de\/wp-content\/uploads\/sites\/3\/2024\/07\/cima-roen-255x191.jpg 255w\" sizes=\"(max-width: 1024px) 100vw, 1024px\" \/>\t\t\t\t\t\t\t\t\t\t\t\t\t\t\t<\/div>\n\t\t\t\t<\/div>\n\t\t\t\t\t<\/div>\n\t\t<\/div>\n\t\t\t\t\t<\/div>\n\t\t<\/section>\n\t\t\t\t<section class=\"elementor-section elementor-top-section elementor-element elementor-element-4446a37 cs-section-content-fullwidth elementor-section-boxed elementor-section-height-default elementor-section-height-default\" data-id=\"4446a37\" data-element_type=\"section\">\n\t\t\t\t\t\t<div class=\"elementor-container elementor-column-gap-no\">\n\t\t\t\t\t<div class=\"elementor-column elementor-col-100 elementor-top-column elementor-element elementor-element-c1104a1\" data-id=\"c1104a1\" data-element_type=\"column\" data-settings=\"{&quot;background_background&quot;:&quot;classic&quot;}\">\n\t\t\t<div class=\"elementor-widget-wrap elementor-element-populated\">\n\t\t\t\t\t\t<div class=\"elementor-element elementor-element-1e1a532 elementor-widget elementor-widget-text-editor\" data-id=\"1e1a532\" data-element_type=\"widget\" data-widget_type=\"text-editor.default\">\n\t\t\t\t<div class=\"elementor-widget-container\">\n\t\t\t\t\t\t\t\t\t<p data-start=\"572\" data-end=\"901\">Das Nonstal ist ein wahrer Schatz, in dem sich bezaubernde Landschaften mit einzigartigen Naturwundern vereinen. Verpassen Sie nicht den Lago di Tovel, ber\u00fchmt f\u00fcr sein kristallklares Wasser und seine faszinierende Geschichte \u2013 bis in die 1960er Jahre f\u00e4rbte er sich rot! Ein zauberhafter Ort f\u00fcr einen unvergesslichen Ausflug.<\/p><p data-start=\"903\" data-end=\"1212\">Ganz in der N\u00e4he erwartet Sie der Monte Roen (2116 m) mit seinen gr\u00fcnen Almwiesen und einer au\u00dfergew\u00f6hnlichen Artenvielfalt \u2013 ideal f\u00fcr spannende Wanderungen. Und lassen Sie sich vom magischen R\u00f6hren der Hirsche zwischen Ende September und Anfang Oktober verzaubern \u2013 ein Erlebnis, das G\u00e4nsehaut garantiert.<\/p><p data-start=\"1214\" data-end=\"1529\">F\u00fcr Abenteuerlustige bietet das Nonstal die M\u00f6glichkeit, seine Canyons bei gef\u00fchrten Wanderungen oder bei einer aufregenden Kajaktour vom Lago di S. Giustina aus zu erkunden. Wer pures Adrenalin sucht, darf das Canyoning mit Bergf\u00fchrern in Castelfondo oder das Rafting im benachbarten Val di Sole nicht verpassen.<\/p>\t\t\t\t\t\t\t\t<\/div>\n\t\t\t\t<\/div>\n\t\t\t\t\t<\/div>\n\t\t<\/div>\n\t\t\t\t\t<\/div>\n\t\t<\/section>\n\t\t\t\t<section class=\"elementor-section elementor-top-section elementor-element elementor-element-644a399 cs-section-content-fullwidth cs-parallax-on-scroll cs_scroll_y_80 elementor-section-boxed elementor-section-height-default elementor-section-height-default\" data-id=\"644a399\" data-element_type=\"section\" data-settings=\"{&quot;background_background&quot;:&quot;classic&quot;}\" data-cs-parallax-y=\"80\" style=\"background-image: none;\" data-cs-background-image=\"https:\/\/agriturbelladibosco.com\/de\/wp-content\/uploads\/2024\/07\/agritur-bella-di-bosco-servizi.jpg\" data-cs-background-image-alt-text=\"\">\n\t\t\t\t\t\t\t<div class=\"elementor-background-overlay\"><\/div>\n\t\t\t\t\t\t\t<div class=\"elementor-container elementor-column-gap-no\">\n\t\t\t\t\t<div class=\"elementor-column elementor-col-100 elementor-top-column elementor-element elementor-element-0026806 dark-color\" data-id=\"0026806\" data-element_type=\"column\">\n\t\t\t<div class=\"elementor-widget-wrap elementor-element-populated\">\n\t\t\t\t\t\t<div class=\"elementor-element elementor-element-77ac042 cs-animation-small-offset elementor-invisible elementor-widget elementor-widget-cs_title\" data-id=\"77ac042\" data-element_type=\"widget\" data-settings=\"{&quot;_animation&quot;:&quot;fadeInUp&quot;,&quot;_animation_delay&quot;:150}\" data-widget_type=\"cs_title.default\">\n\t\t\t\t<div class=\"elementor-widget-container\">\n\t\t\t\t\t\n        <div class=\"cs-title-wrap text-center\">\t            <h3 class=\"cs-title\">\n\t                Was tun\t            <\/h3>\t            <div class=\"cs-title-text\">\n\t                <p data-start=\"1536\" data-end=\"1657\">Entdecken Sie die Aktivit\u00e4ten, Initiativen und Veranstaltungen in der Umgebung des Agritur Bella di Bosco<\/p>\t            <\/div>                <div class=\"cs-title-btn\">\n                    <a class=\"button elementor-button-link\" role=\"button\" href=\"\/de\/was-tun\">\n                        <span class=\"cs-btn-text\">Mehr erfahren<\/span>                    <\/a>\n                <\/div>\n                    <\/div>\t\t\t\t<\/div>\n\t\t\t\t<\/div>\n\t\t\t\t\t<\/div>\n\t\t<\/div>\n\t\t\t\t\t<\/div>\n\t\t<\/section>\n\t\t\t\t<section class=\"elementor-section elementor-top-section elementor-element elementor-element-ae2d304 cs-section-content-fullwidth elementor-section-boxed elementor-section-height-default elementor-section-height-default\" data-id=\"ae2d304\" data-element_type=\"section\">\n\t\t\t\t\t\t<div class=\"elementor-container elementor-column-gap-no\">\n\t\t\t\t\t<div class=\"elementor-column elementor-col-100 elementor-top-column elementor-element elementor-element-9477b4a\" data-id=\"9477b4a\" data-element_type=\"column\" data-settings=\"{&quot;background_background&quot;:&quot;classic&quot;}\">\n\t\t\t<div class=\"elementor-widget-wrap elementor-element-populated\">\n\t\t\t\t\t\t<div class=\"elementor-element elementor-element-c4d703f elementor-widget elementor-widget-text-editor\" data-id=\"c4d703f\" data-element_type=\"widget\" data-widget_type=\"text-editor.default\">\n\t\t\t\t<div class=\"elementor-widget-container\">\n\t\t\t\t\t\t\t\t\t<p>Ein weiterer lohnender Ort ganz in unserer N\u00e4he ist die Gegend \u201eDue Laghi\u201c in Coredo, wo Sie einen angenehmen Spaziergang unternehmen k\u00f6nnen, der auf Wunsch bis zum Wallfahrtsort San Romedio weiterf\u00fchrt. Der Rundgang um die kleinen Seen ist f\u00fcr alle geeignet \u2013 auch f\u00fcr Jogger oder alle, die an den aufgestellten Fitnessger\u00e4ten gesunde \u00dcbungen im Freien machen m\u00f6chten. Kinder und Familien k\u00f6nnen sich hier auf dem Spielplatz vergn\u00fcgen oder vielleicht sogar an einem der zahlreichen Grills eine gem\u00fctliche Grillrunde genie\u00dfen.<\/p>\t\t\t\t\t\t\t\t<\/div>\n\t\t\t\t<\/div>\n\t\t\t\t\t<\/div>\n\t\t<\/div>\n\t\t\t\t\t<\/div>\n\t\t<\/section>\n\t\t\t\t<section class=\"elementor-section elementor-top-section elementor-element elementor-element-ff11b2c cs-section-content-fullwidth nopaddi elementor-section-boxed elementor-section-height-default elementor-section-height-default\" data-id=\"ff11b2c\" data-element_type=\"section\">\n\t\t\t\t\t\t<div class=\"elementor-container elementor-column-gap-no\">\n\t\t\t\t\t<div class=\"elementor-column elementor-col-50 elementor-top-column elementor-element elementor-element-d709b83\" data-id=\"d709b83\" data-element_type=\"column\" data-settings=\"{&quot;background_background&quot;:&quot;classic&quot;}\">\n\t\t\t<div class=\"elementor-widget-wrap elementor-element-populated\">\n\t\t\t\t\t\t<div class=\"elementor-element elementor-element-2d96100 elementor-widget elementor-widget-image\" data-id=\"2d96100\" data-element_type=\"widget\" data-widget_type=\"image.default\">\n\t\t\t\t<div class=\"elementor-widget-container\">\n\t\t\t\t\t\t\t\t\t\t\t\t\t\t\t<img decoding=\"async\" width=\"1024\" height=\"768\" src=\"https:\/\/agriturbelladibosco.com\/de\/wp-content\/uploads\/sites\/3\/2024\/07\/due-laghi.jpg\" class=\"attachment-large size-large wp-image-2839\" alt=\"\" srcset=\"https:\/\/agriturbelladibosco.com\/de\/wp-content\/uploads\/sites\/3\/2024\/07\/due-laghi.jpg 1024w, https:\/\/agriturbelladibosco.com\/de\/wp-content\/uploads\/sites\/3\/2024\/07\/due-laghi-300x225.jpg 300w, https:\/\/agriturbelladibosco.com\/de\/wp-content\/uploads\/sites\/3\/2024\/07\/due-laghi-768x576.jpg 768w, https:\/\/agriturbelladibosco.com\/de\/wp-content\/uploads\/sites\/3\/2024\/07\/due-laghi-780x585.jpg 780w, https:\/\/agriturbelladibosco.com\/de\/wp-content\/uploads\/sites\/3\/2024\/07\/due-laghi-600x450.jpg 600w, https:\/\/agriturbelladibosco.com\/de\/wp-content\/uploads\/sites\/3\/2024\/07\/due-laghi-550x413.jpg 550w, https:\/\/agriturbelladibosco.com\/de\/wp-content\/uploads\/sites\/3\/2024\/07\/due-laghi-370x278.jpg 370w, https:\/\/agriturbelladibosco.com\/de\/wp-content\/uploads\/sites\/3\/2024\/07\/due-laghi-255x191.jpg 255w\" sizes=\"(max-width: 1024px) 100vw, 1024px\" \/>\t\t\t\t\t\t\t\t\t\t\t\t\t\t\t<\/div>\n\t\t\t\t<\/div>\n\t\t\t\t\t<\/div>\n\t\t<\/div>\n\t\t\t\t<div class=\"elementor-column elementor-col-50 elementor-top-column elementor-element elementor-element-0f287be\" data-id=\"0f287be\" data-element_type=\"column\" data-settings=\"{&quot;background_background&quot;:&quot;classic&quot;}\">\n\t\t\t<div class=\"elementor-widget-wrap elementor-element-populated\">\n\t\t\t\t\t\t<div class=\"elementor-element elementor-element-7889bab elementor-widget elementor-widget-image\" data-id=\"7889bab\" data-element_type=\"widget\" data-widget_type=\"image.default\">\n\t\t\t\t<div class=\"elementor-widget-container\">\n\t\t\t\t\t\t\t\t\t\t\t\t\t\t\t<img loading=\"lazy\" decoding=\"async\" width=\"1024\" height=\"768\" src=\"https:\/\/agriturbelladibosco.com\/de\/wp-content\/uploads\/sites\/3\/2024\/07\/castel_thun.jpg\" class=\"attachment-large size-large wp-image-2850\" alt=\"\" srcset=\"https:\/\/agriturbelladibosco.com\/de\/wp-content\/uploads\/sites\/3\/2024\/07\/castel_thun.jpg 1024w, https:\/\/agriturbelladibosco.com\/de\/wp-content\/uploads\/sites\/3\/2024\/07\/castel_thun-300x225.jpg 300w, https:\/\/agriturbelladibosco.com\/de\/wp-content\/uploads\/sites\/3\/2024\/07\/castel_thun-768x576.jpg 768w, https:\/\/agriturbelladibosco.com\/de\/wp-content\/uploads\/sites\/3\/2024\/07\/castel_thun-780x585.jpg 780w, https:\/\/agriturbelladibosco.com\/de\/wp-content\/uploads\/sites\/3\/2024\/07\/castel_thun-600x450.jpg 600w, https:\/\/agriturbelladibosco.com\/de\/wp-content\/uploads\/sites\/3\/2024\/07\/castel_thun-550x413.jpg 550w, https:\/\/agriturbelladibosco.com\/de\/wp-content\/uploads\/sites\/3\/2024\/07\/castel_thun-370x278.jpg 370w, https:\/\/agriturbelladibosco.com\/de\/wp-content\/uploads\/sites\/3\/2024\/07\/castel_thun-255x191.jpg 255w\" sizes=\"(max-width: 1024px) 100vw, 1024px\" \/>\t\t\t\t\t\t\t\t\t\t\t\t\t\t\t<\/div>\n\t\t\t\t<\/div>\n\t\t\t\t\t<\/div>\n\t\t<\/div>\n\t\t\t\t\t<\/div>\n\t\t<\/section>\n\t\t\t\t<section class=\"elementor-section elementor-top-section elementor-element elementor-element-f2d61ac cs-section-content-fullwidth elementor-section-boxed elementor-section-height-default elementor-section-height-default\" data-id=\"f2d61ac\" data-element_type=\"section\">\n\t\t\t\t\t\t<div class=\"elementor-container elementor-column-gap-no\">\n\t\t\t\t\t<div class=\"elementor-column elementor-col-100 elementor-top-column elementor-element elementor-element-1c41548\" data-id=\"1c41548\" data-element_type=\"column\" data-settings=\"{&quot;background_background&quot;:&quot;classic&quot;}\">\n\t\t\t<div class=\"elementor-widget-wrap elementor-element-populated\">\n\t\t\t\t\t\t<div class=\"elementor-element elementor-element-89f432c elementor-widget elementor-widget-text-editor\" data-id=\"89f432c\" data-element_type=\"widget\" data-widget_type=\"text-editor.default\">\n\t\t\t\t<div class=\"elementor-widget-container\">\n\t\t\t\t\t\t\t\t\tIm Agritur Bella di Bosco k\u00f6nnen Sie das Auto getrost stehen lassen und die vielen Spazierwege nutzen, die direkt hier beginnen. Unter den verschiedenen Routen empfehlen wir den Panoramaweg von Smarano, die W\u00e4lder bei \u201e7 Larici\u201c und die Wiesen am Predaia-Pass.\t\t\t\t\t\t\t\t<\/div>\n\t\t\t\t<\/div>\n\t\t\t\t\t<\/div>\n\t\t<\/div>\n\t\t\t\t\t<\/div>\n\t\t<\/section>\n\t\t\t\t<section class=\"elementor-section elementor-top-section elementor-element elementor-element-092cd56 cs-section-content-fullwidth nopaddi elementor-section-boxed elementor-section-height-default elementor-section-height-default\" data-id=\"092cd56\" data-element_type=\"section\">\n\t\t\t\t\t\t<div class=\"elementor-container elementor-column-gap-no\">\n\t\t\t\t\t<div class=\"elementor-column elementor-col-50 elementor-top-column elementor-element elementor-element-6fd99cf\" data-id=\"6fd99cf\" data-element_type=\"column\" data-settings=\"{&quot;background_background&quot;:&quot;classic&quot;}\">\n\t\t\t<div class=\"elementor-widget-wrap elementor-element-populated\">\n\t\t\t\t\t\t<div class=\"elementor-element elementor-element-090d14d elementor-widget elementor-widget-image\" data-id=\"090d14d\" data-element_type=\"widget\" data-widget_type=\"image.default\">\n\t\t\t\t<div class=\"elementor-widget-container\">\n\t\t\t\t\t\t\t\t\t\t\t\t\t\t\t<img loading=\"lazy\" decoding=\"async\" width=\"1024\" height=\"768\" src=\"https:\/\/agriturbelladibosco.com\/de\/wp-content\/uploads\/sites\/3\/2024\/07\/san-romedio.jpg\" class=\"attachment-large size-large wp-image-2921\" alt=\"\" srcset=\"https:\/\/agriturbelladibosco.com\/de\/wp-content\/uploads\/sites\/3\/2024\/07\/san-romedio.jpg 1024w, https:\/\/agriturbelladibosco.com\/de\/wp-content\/uploads\/sites\/3\/2024\/07\/san-romedio-300x225.jpg 300w, https:\/\/agriturbelladibosco.com\/de\/wp-content\/uploads\/sites\/3\/2024\/07\/san-romedio-768x576.jpg 768w, https:\/\/agriturbelladibosco.com\/de\/wp-content\/uploads\/sites\/3\/2024\/07\/san-romedio-780x585.jpg 780w, https:\/\/agriturbelladibosco.com\/de\/wp-content\/uploads\/sites\/3\/2024\/07\/san-romedio-600x450.jpg 600w, https:\/\/agriturbelladibosco.com\/de\/wp-content\/uploads\/sites\/3\/2024\/07\/san-romedio-550x413.jpg 550w, https:\/\/agriturbelladibosco.com\/de\/wp-content\/uploads\/sites\/3\/2024\/07\/san-romedio-370x278.jpg 370w, https:\/\/agriturbelladibosco.com\/de\/wp-content\/uploads\/sites\/3\/2024\/07\/san-romedio-255x191.jpg 255w\" sizes=\"(max-width: 1024px) 100vw, 1024px\" \/>\t\t\t\t\t\t\t\t\t\t\t\t\t\t\t<\/div>\n\t\t\t\t<\/div>\n\t\t\t\t\t<\/div>\n\t\t<\/div>\n\t\t\t\t<div class=\"elementor-column elementor-col-50 elementor-top-column elementor-element elementor-element-6fcaf41\" data-id=\"6fcaf41\" data-element_type=\"column\" data-settings=\"{&quot;background_background&quot;:&quot;classic&quot;}\">\n\t\t\t<div class=\"elementor-widget-wrap elementor-element-populated\">\n\t\t\t\t\t\t<div class=\"elementor-element elementor-element-fcb2013 elementor-widget elementor-widget-image\" data-id=\"fcb2013\" data-element_type=\"widget\" data-widget_type=\"image.default\">\n\t\t\t\t<div class=\"elementor-widget-container\">\n\t\t\t\t\t\t\t\t\t\t\t\t\t\t\t<img loading=\"lazy\" decoding=\"async\" width=\"1024\" height=\"768\" src=\"https:\/\/agriturbelladibosco.com\/de\/wp-content\/uploads\/sites\/3\/2024\/07\/duomo-trento-1024x768.webp\" class=\"attachment-large size-large wp-image-2922\" alt=\"\" srcset=\"https:\/\/agriturbelladibosco.com\/de\/wp-content\/uploads\/sites\/3\/2024\/07\/duomo-trento-1024x768.webp 1024w, https:\/\/agriturbelladibosco.com\/de\/wp-content\/uploads\/sites\/3\/2024\/07\/duomo-trento-300x225.webp 300w, https:\/\/agriturbelladibosco.com\/de\/wp-content\/uploads\/sites\/3\/2024\/07\/duomo-trento-768x576.webp 768w, https:\/\/agriturbelladibosco.com\/de\/wp-content\/uploads\/sites\/3\/2024\/07\/duomo-trento-1536x1152.webp 1536w, https:\/\/agriturbelladibosco.com\/de\/wp-content\/uploads\/sites\/3\/2024\/07\/duomo-trento-1440x1080.webp 1440w, https:\/\/agriturbelladibosco.com\/de\/wp-content\/uploads\/sites\/3\/2024\/07\/duomo-trento-1200x900.webp 1200w, https:\/\/agriturbelladibosco.com\/de\/wp-content\/uploads\/sites\/3\/2024\/07\/duomo-trento-780x585.webp 780w, https:\/\/agriturbelladibosco.com\/de\/wp-content\/uploads\/sites\/3\/2024\/07\/duomo-trento-600x450.webp 600w, https:\/\/agriturbelladibosco.com\/de\/wp-content\/uploads\/sites\/3\/2024\/07\/duomo-trento-550x412.webp 550w, https:\/\/agriturbelladibosco.com\/de\/wp-content\/uploads\/sites\/3\/2024\/07\/duomo-trento-370x277.webp 370w, https:\/\/agriturbelladibosco.com\/de\/wp-content\/uploads\/sites\/3\/2024\/07\/duomo-trento-255x191.webp 255w, https:\/\/agriturbelladibosco.com\/de\/wp-content\/uploads\/sites\/3\/2024\/07\/duomo-trento.webp 1726w\" sizes=\"(max-width: 1024px) 100vw, 1024px\" \/>\t\t\t\t\t\t\t\t\t\t\t\t\t\t\t<\/div>\n\t\t\t\t<\/div>\n\t\t\t\t\t<\/div>\n\t\t<\/div>\n\t\t\t\t\t<\/div>\n\t\t<\/section>\n\t\t\t\t<section class=\"elementor-section elementor-top-section elementor-element elementor-element-8f89046 cs-section-content-fullwidth elementor-section-boxed elementor-section-height-default elementor-section-height-default\" data-id=\"8f89046\" data-element_type=\"section\">\n\t\t\t\t\t\t<div class=\"elementor-container elementor-column-gap-no\">\n\t\t\t\t\t<div class=\"elementor-column elementor-col-100 elementor-top-column elementor-element elementor-element-1f57274\" data-id=\"1f57274\" data-element_type=\"column\" data-settings=\"{&quot;background_background&quot;:&quot;classic&quot;}\">\n\t\t\t<div class=\"elementor-widget-wrap elementor-element-populated\">\n\t\t\t\t\t\t<div class=\"elementor-element elementor-element-c44db2a elementor-widget elementor-widget-text-editor\" data-id=\"c44db2a\" data-element_type=\"widget\" data-widget_type=\"text-editor.default\">\n\t\t\t\t<div class=\"elementor-widget-container\">\n\t\t\t\t\t\t\t\t\t<p>Neben landschaftlichen und naturkundlichen Sch\u00e4tzen bietet das Nonstal auch eine Vielzahl an Burgen \u2013 einige seit langer Zeit Ruinen, andere noch immer von den Nachkommen alter Adelsfamilien bewohnt.<\/p><p>Ein absolutes Muss ist der Besuch von Castel Thun, hervorragend erhalten und im Besitz der Autonomen Provinz Trient, ebenso wie das eindrucksvolle Castel Valer, das Sie das Gef\u00fchl haben l\u00e4sst, in die Vergangenheit zur\u00fcckzukehren. Weitere Burgen wie Castel Nanno, Castel Belasi und Castel Coredo bieten einzigartige und spannende Erlebnisse.<\/p><p>Wenn Sie neugierig sind, mehr \u00fcber das Nonstal zu erfahren oder authentische Erlebnisse buchen m\u00f6chten, besuchen Sie die Website www.visitvaldinon.it: Dort finden Sie Anregungen, Neuigkeiten und viele Ideen, um Ihren Aufenthalt bestm\u00f6glich zu gestalten.<\/p>\t\t\t\t\t\t\t\t<\/div>\n\t\t\t\t<\/div>\n\t\t\t\t\t<\/div>\n\t\t<\/div>\n\t\t\t\t\t<\/div>\n\t\t<\/section>\n\t\t\t\t<section class=\"elementor-section elementor-top-section elementor-element elementor-element-a6a5899 ph-credits-section elementor-section-boxed elementor-section-height-default elementor-section-height-default\" data-id=\"a6a5899\" data-element_type=\"section\">\n\t\t\t\t\t\t<div class=\"elementor-container elementor-column-gap-no\">\n\t\t\t\t\t<div class=\"elementor-column elementor-col-33 elementor-top-column elementor-element elementor-element-85209ca\" data-id=\"85209ca\" data-element_type=\"column\">\n\t\t\t<div class=\"elementor-widget-wrap\">\n\t\t\t\t\t\t\t<\/div>\n\t\t<\/div>\n\t\t\t\t<div class=\"elementor-column elementor-col-33 elementor-top-column elementor-element elementor-element-0149e04\" data-id=\"0149e04\" data-element_type=\"column\">\n\t\t\t<div class=\"elementor-widget-wrap elementor-element-populated\">\n\t\t\t\t\t\t<div class=\"elementor-element elementor-element-7d346ff elementor-widget elementor-widget-text-editor\" data-id=\"7d346ff\" data-element_type=\"widget\" data-widget_type=\"text-editor.default\">\n\t\t\t\t<div class=\"elementor-widget-container\">\n\t\t\t\t\t\t\t\t\t<div class=\"ph-credits\"><div><span class=\"ph-credits-label\">Fotos: <\/span><span class=\"ph-credits-auth\">Agritur Bella di Bosco e\u00a0<a href=\"https:\/\/www.visitvaldinon.it\/\">Visit Val di Non<\/a><\/span><\/div><\/div>\t\t\t\t\t\t\t\t<\/div>\n\t\t\t\t<\/div>\n\t\t\t\t\t<\/div>\n\t\t<\/div>\n\t\t\t\t<div class=\"elementor-column elementor-col-33 elementor-top-column elementor-element elementor-element-438aec7\" data-id=\"438aec7\" data-element_type=\"column\">\n\t\t\t<div class=\"elementor-widget-wrap\">\n\t\t\t\t\t\t\t<\/div>\n\t\t<\/div>\n\t\t\t\t\t<\/div>\n\t\t<\/section>\n\t\t\t\t<\/div>\n\t\t","protected":false},"excerpt":{"rendered":"<p>Das Gebiet das Gebiet Das Val di Non Im Herzen des wunderbaren Nonstals, im Ortsteil Smarano \u2013 Teil der neuen Gemeinde Predaia \u2013 gelegen, ist das Agritur Bella di Bosco der ideale R\u00fcckzugsort f\u00fcr alle, die Entspannung und nat\u00fcrliche Sch\u00f6nheit suchen. Auf fast 1000 Metern H\u00f6he befinden wir uns in einer sonnigen, ebenen Lage, eingebettet &#8230;<\/p>\n","protected":false},"author":1,"featured_media":0,"parent":0,"menu_order":0,"comment_status":"closed","ping_status":"closed","template":"template-wide-content.php","meta":{"cozystay_single_page_hide_site_header":"","cozystay_single_page_site_header_source":"","cozystay_single_page_custom_site_header":"0","cozystay_single_page_custom_sticky_site_header":"0","cozystay_single_page_hide_page_title":"on","cozystay_single_page_header_section_size":"","cozystay_single_page_header_background_color":"","cozystay_single_page_header_background_position_x":"center","cozystay_single_page_header_background_position_y":"center","cozystay_single_page_header_background_size":"cover","cozystay_single_page_header_background_repeat":"off","cozystay_single_page_header_background_scroll":"on","cozystay_single_page_header_text_color":"","cozystay_single_page_header_show_breadcrumb":"","cozystay_single_page_site_footer_hide_main":"","cozystay_single_custom_site_footer_main_source":"","cozystay_single_custom_site_footer_main":"0","cozystay_single_page_site_footer_hide_above":"","cozystay_single_custom_site_footer_above_source":"","cozystay_single_custom_site_footer_above":"0","cozystay_single_page_site_footer_hide_instagram":"","cozystay_single_page_site_footer_hide_bottom":"","cozystay_single_custom_mobile_menu_source":"","cozystay_single_custom_mobile_menu":"0","cozystay_single_custom_mobile_menu_animation":"","cozystay_single_custom_mobile_menu_width":"","cozystay_single_custom_mobile_menu_custom_width":375,"footnotes":""},"class_list":["post-2777","page","type-page","status-publish","hentry"],"_links":{"self":[{"href":"https:\/\/agriturbelladibosco.com\/de\/wp-json\/wp\/v2\/pages\/2777","targetHints":{"allow":["GET"]}}],"collection":[{"href":"https:\/\/agriturbelladibosco.com\/de\/wp-json\/wp\/v2\/pages"}],"about":[{"href":"https:\/\/agriturbelladibosco.com\/de\/wp-json\/wp\/v2\/types\/page"}],"author":[{"embeddable":true,"href":"https:\/\/agriturbelladibosco.com\/de\/wp-json\/wp\/v2\/users\/1"}],"replies":[{"embeddable":true,"href":"https:\/\/agriturbelladibosco.com\/de\/wp-json\/wp\/v2\/comments?post=2777"}],"version-history":[{"count":62,"href":"https:\/\/agriturbelladibosco.com\/de\/wp-json\/wp\/v2\/pages\/2777\/revisions"}],"predecessor-version":[{"id":3983,"href":"https:\/\/agriturbelladibosco.com\/de\/wp-json\/wp\/v2\/pages\/2777\/revisions\/3983"}],"wp:attachment":[{"href":"https:\/\/agriturbelladibosco.com\/de\/wp-json\/wp\/v2\/media?parent=2777"}],"curies":[{"name":"wp","href":"https:\/\/api.w.org\/{rel}","templated":true}]}}